{"id":476,"date":"2020-11-19T15:21:13","date_gmt":"2020-11-19T15:21:13","guid":{"rendered":"https:\/\/driveemotion.com\/conditions-de-reservation\/"},"modified":"2020-12-29T18:21:33","modified_gmt":"2020-12-29T18:21:33","slug":"conditions-de-reservation","status":"publish","type":"page","link":"https:\/\/driveemotion.com\/fr\/conditions-de-reservation\/","title":{"rendered":"Conditions de r\u00e9servation"},"content":{"rendered":"\n<p><p><strong>1.<\/strong> Le v\u00e9hicule lou\u00e9, les accessoires et le mat\u00e9riel suppl\u00e9mentaire seront restitu\u00e9s par le locataire dans de parfaites conditions techniques de pr\u00e9sentation et d&rsquo;utilisation, et devront \u00eatre restitu\u00e9s par le locataire au terme du pr\u00e9sent contrat dans les m\u00eames parfaites conditions dans lesquelles il a \u00e9t\u00e9 re\u00e7u.<\/p><\/p>\n\n<p><p><strong>2.<\/strong> Quel que soit le moment de la location du v\u00e9hicule, la location \u00e0 la journ\u00e9e compl\u00e8te se terminera \u00e0 l&rsquo;heure indiqu\u00e9e dans la case correspondante au recto du pr\u00e9sent contrat sous la rubrique -Retour attendu-.<\/p><\/p>\n\n<p><strong>3<\/strong>. Le locataire doit donner un pr\u00e9avis d&rsquo;au moins vingt-quatre heures lors de la demande de r\u00e9siliation anticip\u00e9e ou de prolongation du pr\u00e9sent contrat, \u00e0 d\u00e9faut de quoi le loueur pourra percevoir le prix total du contrat et le d\u00e9lai de livraison plus cinquante pour cent suppl\u00e9mentaires au-dessus du prix standard indiqu\u00e9 dans les tarifs.&#13;\nEn ce qui concerne les dispositions du paragraphe pr\u00e9c\u00e9dent, gardez \u00e0 l&rsquo;esprit que l&rsquo;assurance souscrite par le locataire et incluse dans le tarif expirera le jour indiqu\u00e9 dans le pr\u00e9sent contrat, \u00e0 moins qu&rsquo;elle ne soit prolong\u00e9e d&rsquo;un commun accord et par \u00e9crit.<\/p>\n\n<p><p><strong>4.<\/strong> Outre l&rsquo;utilisation correcte du v\u00e9hicule, le locataire aura droit, aux frais du loueur, \u00e0 l&rsquo;entretien du v\u00e9hicule, et \u00e0 son remplacement en cas de panne m\u00e9canique qui ne lui est pas imputable et dont la r\u00e9paration prend plus de deux heures. Vous aurez \u00e9galement droit \u00e0 sa livraison et \u00e0 son retrait, sans frais suppl\u00e9mentaires, sur des distances n&rsquo;exc\u00e9dant pas cinquante kilom\u00e8tres du bureau o\u00f9 le contrat a \u00e9t\u00e9 sign\u00e9.<\/p><\/p>\n\n<p><p><strong>5.<\/strong> Sont express\u00e9ment interdits:<br\/>&#8211; La conduite du v\u00e9hicule par une personne autre que le locataire ou autoris\u00e9e par le bailleur, \u00e0 sa demande et sous sa seule responsabilit\u00e9.<br\/>&#8211; Sous-location ou transport de passagers contre paiement.<br\/>&#8211; Il transporte plus de passagers qu&rsquo;autoris\u00e9.<br\/>&#8211; Surcharge du v\u00e9hicule ou transport d&rsquo;animaux ou de carburant, mati\u00e8res explosives, odeur forte ou dangereuse.<br\/>&#8211; L&rsquo;utilisation du v\u00e9hicule dans des courses, des comp\u00e9titions sportives ou des tests de vitesse, ou pour pousser ou tirer d&rsquo;autres v\u00e9hicules ou remorques.<br\/>&#8211; Le locataire ne peut utiliser le v\u00e9hicule sur une voie d&rsquo;acc\u00e8s non pav\u00e9e correctement et consid\u00e9r\u00e9e comme voie publique par les autorit\u00e9s municipales ou des travaux publics, le locataire \u00e9tant responsable de tout dommage pouvant \u00eatre caus\u00e9 au v\u00e9hicule du fait de l&rsquo;\u00e9tat de routes ou voies locales o\u00f9 le v\u00e9hicule a \u00e9t\u00e9 utilis\u00e9.<br\/>&#8211; Conduite imprudente ou dangereuse, ou sous l&rsquo;influence de toute substance ou maladie pouvant nuire \u00e0 l&rsquo;\u00e9tat physique ou psychologique du conducteur ou affectant ses r\u00e9flexes. &#8211; Utilisation du v\u00e9hicule en dehors de l&rsquo;\u00eele ou de la p\u00e9ninsule o\u00f9 il a \u00e9t\u00e9 lou\u00e9, sans l&rsquo;accord \u00e9crit expr\u00e8s du bailleur.<br\/>&#8211; Laisser tout objet en vue \u00e0 l&rsquo;int\u00e9rieur du v\u00e9hicule alors qu&rsquo;il est stationn\u00e9 dans un lieu public, ce qui pourrait entra\u00eener une entr\u00e9e forc\u00e9e, une casse ou un vol.<\/p><\/p>\n\n<p><p><strong>6.<\/strong> Le tarif comprend l&rsquo;assurance obligatoire, la responsabilit\u00e9 civile illimit\u00e9e pour les dommages aux tiers et l&rsquo;incendie et le vol du v\u00e9hicule pour des causes non imputables au locataire.<\/p><\/p>\n\n<p><p><strong>7.<\/strong> Toute perte ou dommage qui pourrait \u00eatre caus\u00e9 ou caus\u00e9 au v\u00e9hicule lou\u00e9 qui n&rsquo;est pas couvert par l&rsquo;assurance incluse dans le prix, et qui ne peut \u00eatre attribu\u00e9 \u00e0 une personne clairement identifi\u00e9e, sera \u00e0 la charge exclusive du locataire.<\/p><\/p>\n\n<p><strong>8.<\/strong> Pour couvrir tout ou partie de la responsabilit\u00e9 du preneur pr\u00e9cit\u00e9 et les dommages corporels aux occupants du v\u00e9hicule, le locataire pourra contracter divers types d&rsquo;assurance, dans les conditions pr\u00e9c\u00e9demment propos\u00e9es, dont l&rsquo;acceptation sera indiqu\u00e9e dans la case correspondante au recto du pr\u00e9sent Contrat.<\/p>\n\n<p>Cette assurance facultative couvrira tout dommage ou blessure dont la couverture est garantie, \u00e0 condition que le locataire pr\u00e9vienne la police afin que le rapport n\u00e9cessaire puisse \u00eatre \u00e9mis, que des tiers interviennent ou non, sauf en cas de d\u00e9faillance du locataire. pour se conformer aux obligations vis\u00e9es \u00e0 la clause 5 du pr\u00e9sent contrat.<\/p>\n\n<p><p><strong>9.<\/strong> Les engagements \u00e9conomiques pour le compte du locataire r\u00e9sultant du pr\u00e9sent contrat, quelle qu&rsquo;en soit la cause, porteront int\u00e9r\u00eat \u00e0 vingt pour cent par an, \u00e0 compter de la date \u00e0 laquelle le bailleur a le droit de l&rsquo;exiger, et non du jour o\u00f9 il peut \u00eatre requis.<\/p><\/p>\n\n<p><p><strong>10.<\/strong> En cas de contestation survenant du fait de l&rsquo;interpr\u00e9tation du pr\u00e9sent contrat ou du non-respect de l&rsquo;une de ses clauses, les h\u00e9t\u00e9ro parties renoncent \u00e0 la comp\u00e9tence qui pourrait leur correspondre et se soumettent express\u00e9ment aux Tribunaux du lieu. o\u00f9 l&rsquo;accord a \u00e9t\u00e9 sign\u00e9.<\/p><\/p>\n","protected":false},"excerpt":{"rendered":"<p>1. Le v\u00e9hicule lou\u00e9, les accessoires et le mat\u00e9riel suppl\u00e9mentaire seront restitu\u00e9s par le locataire dans de parfaites conditions techniques de pr\u00e9sentation et d&rsquo;utilisation, et devront<span class=\"excerpt-hellip\"> [\u2026]<\/span><\/p>\n","protected":false},"author":1,"featured_media":0,"parent":0,"menu_order":0,"comment_status":"closed","ping_status":"closed","template":"","meta":{"footnotes":""},"class_list":["post-476","page","type-page","status-publish","hentry"],"_links":{"self":[{"href":"https:\/\/driveemotion.com\/fr\/wp-json\/wp\/v2\/pages\/476","targetHints":{"allow":["GET"]}}],"collection":[{"href":"https:\/\/driveemotion.com\/fr\/wp-json\/wp\/v2\/pages"}],"about":[{"href":"https:\/\/driveemotion.com\/fr\/wp-json\/wp\/v2\/types\/page"}],"author":[{"embeddable":true,"href":"https:\/\/driveemotion.com\/fr\/wp-json\/wp\/v2\/users\/1"}],"replies":[{"embeddable":true,"href":"https:\/\/driveemotion.com\/fr\/wp-json\/wp\/v2\/comments?post=476"}],"version-history":[{"count":2,"href":"https:\/\/driveemotion.com\/fr\/wp-json\/wp\/v2\/pages\/476\/revisions"}],"predecessor-version":[{"id":749,"href":"https:\/\/driveemotion.com\/fr\/wp-json\/wp\/v2\/pages\/476\/revisions\/749"}],"wp:attachment":[{"href":"https:\/\/driveemotion.com\/fr\/wp-json\/wp\/v2\/media?parent=476"}],"curies":[{"name":"wp","href":"https:\/\/api.w.org\/{rel}","templated":true}]}}